{"id":3,"date":"2024-11-28T15:41:38","date_gmt":"2024-11-28T15:41:38","guid":{"rendered":"https:\/\/videre.lat\/?page_id=3"},"modified":"2025-02-10T12:35:58","modified_gmt":"2025-02-10T18:35:58","slug":"aviso-de-privacidad","status":"publish","type":"page","link":"https:\/\/videre.lat\/en\/aviso-de-privacidad\/","title":{"rendered":"Privacy settings"},"content":{"rendered":"<p>VIDERE ABOGAC\u00cdA DIGITAL<\/p>\r\n<p>Vigente a partir de febrero de 2025<\/p>\r\n<p>&nbsp;<\/p>\r\n<p><strong>OBJETIVO<\/strong><\/p>\r\n<p>Nuestro aviso de privacidad tiene el prop\u00f3sito de informar sobre los aspectos principales del uso (tratamiento) que, Videre Abogac\u00eda Digital, dar\u00e1 a tus datos personales en su sitio de Internet. Con el aviso de privacidad podr\u00e1s conocer :<\/p>\r\n<ul>\r\n<li>About us<\/li>\r\n<li>Qu\u00e9 datos personales utilizamos (tratamos)<\/li>\r\n<li>Con qu\u00e9 prop\u00f3sitos utilizamos (tratamos) los datos personales<\/li>\r\n<li>\u00bfCompartimos tus datos personales?<\/li>\r\n<li>Tus derechos y c\u00f3mo ejercerlos<\/li>\r\n<li>C\u00f3mo revocar el consentimiento<\/li>\r\n<li>Los cambios en el aviso<\/li>\r\n<li>El uso de cookies o tecnolog\u00edas an\u00e1logas<br \/>\u00a0<\/li>\r\n<\/ul>\r\n<p><strong>QUI\u00c9NES SOMOS<\/strong><\/p>\r\n<p>Videre es una firma de abogac\u00eda digital con raz\u00f3n social Videre Abogac\u00eda Digital SC, en adelante Videre, con domicilio en avenida R\u00edo Churubusco 601, piso 9, Torre Mitikah, colonia Xoco, alcald\u00eda Coyoac\u00e1n en la Ciudad de M\u00e9xico, M\u00e9xico, c\u00f3digo postal 03330.<\/p>\r\n<p><strong>QU\u00c9 DATOS PERSONALES UTILIZAMOS EN NUESTRO <\/strong><strong>SITIO<\/strong><\/p>\r\n<p>Nombre, correo electr\u00f3nico y comentario de las personas que nos comparten estos datos en el formulario disponible al respecto.<\/p>\r\n<p>Direcci\u00f3n IP del visitante y la cadena del agente de usuario del navegador de las personas que visitan nuestro sitio.<\/p>\r\n<p><strong>PROP\u00d3SITOS PARA LOS QUE SE<\/strong><strong> UTILIZAN TUS DATOS PERSONALES<\/strong><\/p>\r\n<p>El nombre, correo electr\u00f3nico y comentario tienen por finalidad servir de espacio de contacto y comunicaci\u00f3n con las personas interesadas en las actividades de Videre.<\/p>\r\n<p>La direcci\u00f3n IP del visitante y la cadena del agente de usuario del navegador de las personas que visitan nuestro sitio sirven para la detecci\u00f3n de <em>spam<\/em>.<\/p>\r\n<p><strong>TRANSFERENCIA DE DATOS <\/strong><strong>PERSONALES<\/strong><\/p>\r\n<p>Videre no realiza transferencias con sus datos personales salvo aquellas que, en su caso, sean solicitadas por las autoridades con motivo de sus atribuciones, de manera fundada y motivada.<\/p>\r\n<p><strong>TUS DERECHOS, C\u00d3MO EJERCERLOS Y C\u00d3MO REVOCAR EL CONSENTIMIENTO<\/strong><\/p>\r\n<p>Tienes derecho, de acuerdo a las circunstancias de cada caso, a solicitar a Videre lo siguiente:<\/p>\r\n<ul>\r\n<li>Conocer qu\u00e9 datos personales poseemos de ti, las finalidades del tratamiento de sus datos y las condiciones generales del tratamiento (acceso).<\/li>\r\n<li>Pedir la rectificaci\u00f3n de tus datos personales si no est\u00e1n actualizados, son inexactos o incompletos (rectificaci\u00f3n).<\/li>\r\n<li>Solicitar su eliminaci\u00f3n de nuestros registros, sujeto a los requisitos legales para tal fin (cancelaci\u00f3n).<\/li>\r\n<li>Oponerse al tratamiento de sus datos personales para determinadas finalidades, sujeto a los requisitos legales para tal fin (oposici\u00f3n).<\/li>\r\n<\/ul>\r\n<p>Los derechos descritos son conocidos como derechos ARCO.<\/p>\r\n<p>Tambi\u00e9n puedes revocar el consentimiento que nos hayas brindado para el tratamiento de tus datos personales.<\/p>\r\n<p>Puedes ejercer tus derechos ARCO, o bien, solicitar la revocaci\u00f3n del consentimiento, presentando una solicitud, conforme a los requisitos descritos en este aviso. La solicitud debe ser presentada a trav\u00e9s de la direcci\u00f3n de correo <a href=\"mailto:contacto@videre.lat\"><u>contacto@videre.lat<\/u><\/a> o en el domicilio de Videre, espec\u00edficamente ante nuestro departamento de datos personales, a cargo de Dafny Mancillas Tripp.<\/p>\r\n<p>El procedimiento para el ejercicio de sus derechos, o para revocar el consentimiento, es el siguiente:<\/p>\r\n<ol>\r\n<li><strong>Acreditaci\u00f3n de identidad o representaci\u00f3n<\/strong><\/li>\r\n<\/ol>\r\n<p>Para estar en posibilidades de atender su solicitud es indispensable que demuestre ser la persona titular de los datos personales, o su representante legal, por medio de original, para cotejo, y copia, de identificaci\u00f3n oficial con fotograf\u00eda, y, en su caso, poder en el cual se le confieren facultades de representaci\u00f3n del titular de los datos, para realizar dicha solicitud en su representaci\u00f3n. Esta documentaci\u00f3n deber\u00e1 ser presentada ante nuestro departamento de datos personales, donde se realizar\u00e1 el tr\u00e1mite para tener por acreditada su identidad y, en su caso, representaci\u00f3n.<\/p>\r\n<p><strong>\u00a0<\/strong><\/p>\r\n<ol>\r\n<li><strong>\u00bfQu\u00e9 informaci\u00f3n debes acompa\u00f1ar a tu solicitud?<\/strong><\/li>\r\n<\/ol>\r\n<ul>\r\n<li>Para solicitudes de <strong>acceso a datos personales<\/strong>, debes identificar, con la mayor claridad, los datos a los que deseas tener acceso y\/o la informaci\u00f3n que quieres conocer sobre las condiciones y generalidades del tratamiento.<\/li>\r\n<li>Para <strong>solicitudes de rectificaci\u00f3n<\/strong> debes precisar los datos a corregir, as\u00ed como acompa\u00f1ar los documentos que sirvan de respaldo a tu solicitud.<\/li>\r\n<li>Para <strong>solicitudes de cancelaci\u00f3n <\/strong>debes describir, claramente, los datos a eliminar, as\u00ed como las razones que la motivan junto con los documentos que consideres oportunos para dar soporte.<\/li>\r\n<li>Para solicitudes de oposici\u00f3n debes describir los datos personales respecto de los cuales desea ejercer tu derecho, as\u00ed como la causa leg\u00edtima por la que te opones al uso (tratamiento) de tus datos.<\/li>\r\n<li>Para <strong>solicitudes de revocaci\u00f3n del consentimiento <\/strong>debe indicar los datos personales y el tratamiento respecto del cual solicita la revocaci\u00f3n.<\/li>\r\n<\/ul>\r\n<p>&nbsp;<\/p>\r\n<ol>\r\n<li><strong>\u00a0<\/strong><strong>\u00bfEn cu\u00e1nto tiempo recibir\u00e1s respuesta a tu solicitud?<\/strong>\u00a0<\/li>\r\n<\/ol>\r\n<p>De acuerdo con la legislaci\u00f3n, tienes derecho a recibir una respuesta dentro de un <strong>plazo m\u00e1ximo de 20 d\u00edas<\/strong>, contados desde la fecha en que recibimos tu solicitud.<\/p>\r\n<p>&nbsp;<\/p>\r\n<ol>\r\n<li><strong>\u00bfCu\u00e1les son los medios para dar respuesta a tu solicitud?<\/strong><\/li>\r\n<\/ol>\r\n<p>La respuesta ser\u00e1 puesta a tu disposici\u00f3n en nuestro domicilio, previa acreditaci\u00f3n de tu identidad ante nuestro departamento de datos personales.<\/p>\r\n<p>&nbsp;<\/p>\r\n<ol>\r\n<li><strong>\u00bfCu\u00e1les son los medios para la reproducci\u00f3n de tus datos?<\/strong><\/li>\r\n<\/ol>\r\n<p>En el caso de que solicites acceso a tus datos personales, la reproducci\u00f3n de \u00e9stos podr\u00e1 llevarse a cabo en soporte f\u00edsico o electr\u00f3nico, seg\u00fan lo permita cada caso.<\/p>\r\n<p><strong>CAMBIOS A ESTE AVISO DE PRIVACIDAD<\/strong><\/p>\r\n<p>El presente aviso de privacidad podr\u00eda tener modificaciones, cambios o actualizaciones derivadas de nuevos requerimientos legales o por otras causas, por lo que existe el compromiso de mantenerte informado sobre los cambios que se lleven a cabo. Para tal fin, puedes acudir ante nuestro departamento de datos personales en el domicilio antes se\u00f1alado.<\/p>\r\n<p>&nbsp;<\/p>\r\n<p><strong>USO DE <\/strong><strong>COOKIES<\/strong><strong> O TECNOLOG\u00cdAS AN\u00c1LOGAS<\/strong><\/p>\r\n<p>Si dejas un comentario en nuestro sitio, puedes optar por guardar tu nombre, direcci\u00f3n de correo electr\u00f3nico y sitio web en cookies. Esto es para tu comodidad, para que no tengas que volver a completar tus datos cuando dejes otro comentario. Estas cookies tendr\u00e1n una duraci\u00f3n de un a\u00f1o. La direcci\u00f3n IP del visitante y la cadena del agente de usuario del navegador de las personas que visitan nuestro sitio sirven para la detecci\u00f3n de <em>spam<\/em>.<\/p>\r\n<p>Los art\u00edculos en este sitio pueden incluir contenido incrustado (por ejemplo, videos, im\u00e1genes, art\u00edculos, etc.). El contenido incrustado de otros sitios web se comporta exactamente de la misma manera que si el visitante hubiera visitado el otro sitio web. Estos sitios web pueden recopilar datos sobre ti, usar cookies, incrustar un seguimiento adicional de terceros y monitorear tu interacci\u00f3n con ese contenido incrustado, incluyendo el seguimiento de tu interacci\u00f3n con el contenido incrustado si tienes una cuenta y est\u00e1s conectado a ese sitio web.\u00a0<\/p>\r\n<p>&nbsp;<\/p>\r\n<p>&nbsp;<\/p>","protected":false},"excerpt":{"rendered":"<p>VIDERE ABOGAC\u00cdA DIGITAL Vigente a partir de febrero de 2025 &nbsp; OBJETIVO Nuestro aviso de privacidad tiene el prop\u00f3sito de informar sobre los aspectos principales del uso (tratamiento) que, Videre Abogac\u00eda Digital, dar\u00e1 a tus datos personales en su sitio de Internet. Con el aviso de privacidad podr\u00e1s conocer : Qui\u00e9nes somos Qu\u00e9 datos personales [&hellip;]<\/p>\n","protected":false},"author":1,"featured_media":0,"parent":0,"menu_order":0,"comment_status":"closed","ping_status":"closed","template":"","meta":{"footnotes":""},"class_list":["post-3","page","type-page","status-publish","hentry"],"yoast_head":"<!-- This site is optimized with the Yoast SEO plugin v26.9 - https:\/\/yoast.com\/product\/yoast-seo-wordpress\/ -->\n<title>Aviso de privacidad - videre<\/title>\n<meta name=\"robots\" content=\"index, follow, max-snippet:-1, max-image-preview:large, max-video-preview:-1\" \/>\n<link rel=\"canonical\" href=\"https:\/\/videre.lat\/en\/aviso-de-privacidad\/\" \/>\n<meta property=\"og:locale\" content=\"en_US\" \/>\n<meta property=\"og:type\" content=\"article\" \/>\n<meta property=\"og:title\" content=\"Aviso de privacidad - videre\" \/>\n<meta property=\"og:description\" content=\"VIDERE ABOGAC\u00cdA DIGITAL Vigente a partir de febrero de 2025 &nbsp; OBJETIVO Nuestro aviso de privacidad tiene el prop\u00f3sito de informar sobre los aspectos principales del uso (tratamiento) que, Videre Abogac\u00eda Digital, dar\u00e1 a tus datos personales en su sitio de Internet. Con el aviso de privacidad podr\u00e1s conocer : Qui\u00e9nes somos Qu\u00e9 datos personales [&hellip;]\" \/>\n<meta property=\"og:url\" content=\"https:\/\/videre.lat\/en\/aviso-de-privacidad\/\" \/>\n<meta property=\"og:site_name\" content=\"videre\" \/>\n<meta property=\"article:publisher\" content=\"https:\/\/www.facebook.com\/viderelat\" \/>\n<meta property=\"article:modified_time\" content=\"2025-02-10T18:35:58+00:00\" \/>\n<meta property=\"og:image\" content=\"https:\/\/videre.lat\/wp-content\/uploads\/2025\/01\/videre-logo.png\" \/>\n\t<meta property=\"og:image:width\" content=\"1600\" \/>\n\t<meta property=\"og:image:height\" content=\"1600\" \/>\n\t<meta property=\"og:image:type\" content=\"image\/png\" \/>\n<meta name=\"twitter:card\" content=\"summary_large_image\" \/>\n<meta name=\"twitter:site\" content=\"@viderelat\" \/>\n<meta name=\"twitter:label1\" content=\"Est. reading time\" \/>\n\t<meta name=\"twitter:data1\" content=\"5 minutes\" \/>\n<script type=\"application\/ld+json\" class=\"yoast-schema-graph\">{\"@context\":\"https:\/\/schema.org\",\"@graph\":[{\"@type\":\"WebPage\",\"@id\":\"https:\/\/videre.lat\/aviso-de-privacidad\/\",\"url\":\"https:\/\/videre.lat\/aviso-de-privacidad\/\",\"name\":\"Aviso de privacidad - videre\",\"isPartOf\":{\"@id\":\"https:\/\/videre.lat\/#website\"},\"datePublished\":\"2024-11-28T15:41:38+00:00\",\"dateModified\":\"2025-02-10T18:35:58+00:00\",\"breadcrumb\":{\"@id\":\"https:\/\/videre.lat\/aviso-de-privacidad\/#breadcrumb\"},\"inLanguage\":\"en-US\",\"potentialAction\":[{\"@type\":\"ReadAction\",\"target\":[\"https:\/\/videre.lat\/aviso-de-privacidad\/\"]}]},{\"@type\":\"BreadcrumbList\",\"@id\":\"https:\/\/videre.lat\/aviso-de-privacidad\/#breadcrumb\",\"itemListElement\":[{\"@type\":\"ListItem\",\"position\":1,\"name\":\"Portada\",\"item\":\"https:\/\/videre.lat\/\"},{\"@type\":\"ListItem\",\"position\":2,\"name\":\"Aviso de privacidad\"}]},{\"@type\":\"WebSite\",\"@id\":\"https:\/\/videre.lat\/#website\",\"url\":\"https:\/\/videre.lat\/\",\"name\":\"videre\",\"description\":\"Somos una firma de abogac\u00eda digital\",\"publisher\":{\"@id\":\"https:\/\/videre.lat\/#organization\"},\"potentialAction\":[{\"@type\":\"SearchAction\",\"target\":{\"@type\":\"EntryPoint\",\"urlTemplate\":\"https:\/\/videre.lat\/?s={search_term_string}\"},\"query-input\":{\"@type\":\"PropertyValueSpecification\",\"valueRequired\":true,\"valueName\":\"search_term_string\"}}],\"inLanguage\":\"en-US\"},{\"@type\":\"Organization\",\"@id\":\"https:\/\/videre.lat\/#organization\",\"name\":\"videre\",\"url\":\"https:\/\/videre.lat\/\",\"logo\":{\"@type\":\"ImageObject\",\"inLanguage\":\"en-US\",\"@id\":\"https:\/\/videre.lat\/#\/schema\/logo\/image\/\",\"url\":\"https:\/\/videre.lat\/wp-content\/uploads\/2025\/01\/videre-logo.png\",\"contentUrl\":\"https:\/\/videre.lat\/wp-content\/uploads\/2025\/01\/videre-logo.png\",\"width\":1600,\"height\":1600,\"caption\":\"videre\"},\"image\":{\"@id\":\"https:\/\/videre.lat\/#\/schema\/logo\/image\/\"},\"sameAs\":[\"https:\/\/www.facebook.com\/viderelat\",\"https:\/\/x.com\/viderelat\",\"https:\/\/www.linkedin.com\/company\/viderelat\"]}]}<\/script>\n<!-- \/ Yoast SEO plugin. -->","yoast_head_json":{"title":"Aviso de privacidad - videre","robots":{"index":"index","follow":"follow","max-snippet":"max-snippet:-1","max-image-preview":"max-image-preview:large","max-video-preview":"max-video-preview:-1"},"canonical":"https:\/\/videre.lat\/en\/aviso-de-privacidad\/","og_locale":"en_US","og_type":"article","og_title":"Aviso de privacidad - videre","og_description":"VIDERE ABOGAC\u00cdA DIGITAL Vigente a partir de febrero de 2025 &nbsp; OBJETIVO Nuestro aviso de privacidad tiene el prop\u00f3sito de informar sobre los aspectos principales del uso (tratamiento) que, Videre Abogac\u00eda Digital, dar\u00e1 a tus datos personales en su sitio de Internet. Con el aviso de privacidad podr\u00e1s conocer : Qui\u00e9nes somos Qu\u00e9 datos personales [&hellip;]","og_url":"https:\/\/videre.lat\/en\/aviso-de-privacidad\/","og_site_name":"videre","article_publisher":"https:\/\/www.facebook.com\/viderelat","article_modified_time":"2025-02-10T18:35:58+00:00","og_image":[{"width":1600,"height":1600,"url":"https:\/\/videre.lat\/wp-content\/uploads\/2025\/01\/videre-logo.png","type":"image\/png"}],"twitter_card":"summary_large_image","twitter_site":"@viderelat","twitter_misc":{"Est. reading time":"5 minutes"},"schema":{"@context":"https:\/\/schema.org","@graph":[{"@type":"WebPage","@id":"https:\/\/videre.lat\/aviso-de-privacidad\/","url":"https:\/\/videre.lat\/aviso-de-privacidad\/","name":"Aviso de privacidad - videre","isPartOf":{"@id":"https:\/\/videre.lat\/#website"},"datePublished":"2024-11-28T15:41:38+00:00","dateModified":"2025-02-10T18:35:58+00:00","breadcrumb":{"@id":"https:\/\/videre.lat\/aviso-de-privacidad\/#breadcrumb"},"inLanguage":"en-US","potentialAction":[{"@type":"ReadAction","target":["https:\/\/videre.lat\/aviso-de-privacidad\/"]}]},{"@type":"BreadcrumbList","@id":"https:\/\/videre.lat\/aviso-de-privacidad\/#breadcrumb","itemListElement":[{"@type":"ListItem","position":1,"name":"Portada","item":"https:\/\/videre.lat\/"},{"@type":"ListItem","position":2,"name":"Aviso de privacidad"}]},{"@type":"WebSite","@id":"https:\/\/videre.lat\/#website","url":"https:\/\/videre.lat\/","name":"videre","description":"Somos una firma de abogac\u00eda digital","publisher":{"@id":"https:\/\/videre.lat\/#organization"},"potentialAction":[{"@type":"SearchAction","target":{"@type":"EntryPoint","urlTemplate":"https:\/\/videre.lat\/?s={search_term_string}"},"query-input":{"@type":"PropertyValueSpecification","valueRequired":true,"valueName":"search_term_string"}}],"inLanguage":"en-US"},{"@type":"Organization","@id":"https:\/\/videre.lat\/#organization","name":"videre","url":"https:\/\/videre.lat\/","logo":{"@type":"ImageObject","inLanguage":"en-US","@id":"https:\/\/videre.lat\/#\/schema\/logo\/image\/","url":"https:\/\/videre.lat\/wp-content\/uploads\/2025\/01\/videre-logo.png","contentUrl":"https:\/\/videre.lat\/wp-content\/uploads\/2025\/01\/videre-logo.png","width":1600,"height":1600,"caption":"videre"},"image":{"@id":"https:\/\/videre.lat\/#\/schema\/logo\/image\/"},"sameAs":["https:\/\/www.facebook.com\/viderelat","https:\/\/x.com\/viderelat","https:\/\/www.linkedin.com\/company\/viderelat"]}]}},"_links":{"self":[{"href":"https:\/\/videre.lat\/en\/wp-json\/wp\/v2\/pages\/3","targetHints":{"allow":["GET"]}}],"collection":[{"href":"https:\/\/videre.lat\/en\/wp-json\/wp\/v2\/pages"}],"about":[{"href":"https:\/\/videre.lat\/en\/wp-json\/wp\/v2\/types\/page"}],"author":[{"embeddable":true,"href":"https:\/\/videre.lat\/en\/wp-json\/wp\/v2\/users\/1"}],"replies":[{"embeddable":true,"href":"https:\/\/videre.lat\/en\/wp-json\/wp\/v2\/comments?post=3"}],"version-history":[{"count":5,"href":"https:\/\/videre.lat\/en\/wp-json\/wp\/v2\/pages\/3\/revisions"}],"predecessor-version":[{"id":144,"href":"https:\/\/videre.lat\/en\/wp-json\/wp\/v2\/pages\/3\/revisions\/144"}],"wp:attachment":[{"href":"https:\/\/videre.lat\/en\/wp-json\/wp\/v2\/media?parent=3"}],"curies":[{"name":"wp","href":"https:\/\/api.w.org\/{rel}","templated":true}]}}