{"version":"1.0","provider_name":"videre","provider_url":"https:\/\/videre.lat\/en","author_name":"VIDERE","author_url":"https:\/\/videre.lat\/en\/author\/jorgelanda\/","title":"Qui\u00e9nes somos - videre","type":"rich","width":600,"height":338,"html":"<blockquote class=\"wp-embedded-content\" data-secret=\"rLVDsLX8ba\"><a href=\"https:\/\/videre.lat\/en\/quienes-somos\/\">About us<\/a><\/blockquote><iframe sandbox=\"allow-scripts\" security=\"restricted\" src=\"https:\/\/videre.lat\/en\/quienes-somos\/embed\/#?secret=rLVDsLX8ba\" width=\"600\" height=\"338\" title=\"&#8220;Qui\u00e9nes somos&#8221; &#8212; videre\" data-secret=\"rLVDsLX8ba\" frameborder=\"0\" marginwidth=\"0\" marginheight=\"0\" scrolling=\"no\" class=\"wp-embedded-content\"><\/iframe><script>\n\/*! This file is auto-generated *\/\n!function(d,l){\"use strict\";l.querySelector&&d.addEventListener&&\"undefined\"!=typeof URL&&(d.wp=d.wp||{},d.wp.receiveEmbedMessage||(d.wp.receiveEmbedMessage=function(e){var t=e.data;if((t||t.secret||t.message||t.value)&&!\/[^a-zA-Z0-9]\/.test(t.secret)){for(var s,r,n,a=l.querySelectorAll('iframe[data-secret=\"'+t.secret+'\"]'),o=l.querySelectorAll('blockquote[data-secret=\"'+t.secret+'\"]'),c=new RegExp(\"^https?:$\",\"i\"),i=0;i<o.length;i++)o[i].style.display=\"none\";for(i=0;i<a.length;i++)s=a[i],e.source===s.contentWindow&&(s.removeAttribute(\"style\"),\"height\"===t.message?(1e3<(r=parseInt(t.value,10))?r=1e3:~~r<200&&(r=200),s.height=r):\"link\"===t.message&&(r=new URL(s.getAttribute(\"src\")),n=new URL(t.value),c.test(n.protocol))&&n.host===r.host&&l.activeElement===s&&(d.top.location.href=t.value))}},d.addEventListener(\"message\",d.wp.receiveEmbedMessage,!1),l.addEventListener(\"DOMContentLoaded\",function(){for(var e,t,s=l.querySelectorAll(\"iframe.wp-embedded-content\"),r=0;r<s.length;r++)(t=(e=s[r]).getAttribute(\"data-secret\"))||(t=Math.random().toString(36).substring(2,12),e.src+=\"#?secret=\"+t,e.setAttribute(\"data-secret\",t)),e.contentWindow.postMessage({message:\"ready\",secret:t},\"*\")},!1)))}(window,document);\n\/\/# sourceURL=https:\/\/videre.lat\/wp-includes\/js\/wp-embed.min.js\n<\/script>","thumbnail_url":"https:\/\/videre.lat\/wp-content\/uploads\/2025\/01\/team-videre-3020.webp","thumbnail_width":1280,"thumbnail_height":960,"description":"Conjuntamos 27 a\u00f1os de experiencia en altos cargos del sector p\u00fablico, consultor\u00eda en organismos internacionales y en direcci\u00f3n de pol\u00edticas p\u00fablicas en plataformas digitales en varios pa\u00edses. Lina Ornelas Socia Ver perfil Cecilia Azuara Socia Ver perfil Edgardo Mart\u00ednez Socio Ver perfil Dafny Mancillas Coordinadora de proyectos Ver perfil"}